{"id":2799,"date":"2020-05-28T07:10:40","date_gmt":"2020-05-28T07:10:40","guid":{"rendered":"http:\/\/ninzio.com\/octavian\/?page_id=118"},"modified":"2021-01-29T14:06:04","modified_gmt":"2021-01-29T13:06:04","slug":"blog-assurance-auto","status":"publish","type":"page","link":"https:\/\/assurance-km.be\/?page_id=2799","title":{"rendered":"Blog"},"content":{"rendered":"<p>[vc_row][vc_column]<div class=\"deeper-spacer clearfix\" data-config='{\"desktop\":100,\"mobile\":60,\"smobile\":60}'><\/div>\t\t\t\t<div class=\"deeper-cubeportfolio \" data-config='{\"filters\":\".filter-293493866\",\"defaultFilter\":\"*\",\"animationType\":\"quicksand\",\"showNavigation\":true,\"showPagination\":true,\"rewindNav\":false,\"auto\":false,\"caption\":\"\",\"displayType\":\"sequentially\",\"displayTypeSpeed\":\"100\",\"mediaQueries\":[{\"width\":1500,\"cols\":3},{\"width\":923,\"cols\":3},{\"width\":878,\"option\":{\"caption\":\"\"},\"cols\":3,\"options\":{\"gapHorizontal\":100,\"gapVertical\":30}},{\"width\":675,\"option\":{\"caption\":\"\"},\"cols\":2,\"options\":{\"gapHorizontal\":60,\"gapVertical\":30}},{\"width\":502,\"option\":{\"caption\":\"\"},\"cols\":1,\"options\":{\"gapHorizontal\":60,\"gapVertical\":30}}],\"layoutMode\":\"grid\",\"gridAdjustment\":\"responsive\",\"gapHorizontal\":100,\"gapVertical\":30}' data-inviewport=\"yes\">\r\n                    <div class=\"cube-galleries cbp\">\r\n                    \t                    \t\t<div class=\"cbp-item\">\r\n                    \t\t\t<article id=\"post-1092\" \r\n                    \t\t\t\tclass=\"deeper-news-box style-1\">\r\n                    \t\t\t\t<div class=\"thumb\"><img loading=\"lazy\" decoding=\"async\" width=\"370\" height=\"169\" src=\"https:\/\/assurance-km.be\/wp-content\/uploads\/2019\/05\/assurance-yuzzu.jpeg\" class=\"attachment-deeper-std6 size-deeper-std6 wp-post-image\" alt=\"assurance yuzzu\" srcset=\"https:\/\/assurance-km.be\/wp-content\/uploads\/2019\/05\/assurance-yuzzu.jpeg 1975w, https:\/\/assurance-km.be\/wp-content\/uploads\/2019\/05\/assurance-yuzzu-300x137.jpeg 300w, https:\/\/assurance-km.be\/wp-content\/uploads\/2019\/05\/assurance-yuzzu-768x351.jpeg 768w, https:\/\/assurance-km.be\/wp-content\/uploads\/2019\/05\/assurance-yuzzu-1024x468.jpeg 1024w, https:\/\/assurance-km.be\/wp-content\/uploads\/2019\/05\/assurance-yuzzu-100x46.jpeg 100w, https:\/\/assurance-km.be\/wp-content\/uploads\/2019\/05\/assurance-yuzzu-846x386.jpeg 846w, https:\/\/assurance-km.be\/wp-content\/uploads\/2019\/05\/assurance-yuzzu-984x449.jpeg 984w\" sizes=\"(max-width: 370px) 100vw, 370px\" \/><\/div>\r\n                    \t\t\t\t<div class=\"texts\">\r\n                    \t\t\t\t\t\r\n                \t\t\t\t\t\t<h2 class=\"title\">\r\n                \t\t\t\t\t\t\t<a href=\"https:\/\/assurance-km.be\/?p=1092\">\r\n                \t\t\t\t\t\t\t\tTouring Assurances devient Yuzzu                \t\t\t\t\t\t\t<\/a>\r\n                \t\t\t\t\t\t<\/h2>\r\n\r\n                \t\t\t\t\t\t<div class=\"meta-wrap\">\r\n                \t\t\t\t\t\t\t<span class=\"cat-item\"><a href=\"https:\/\/assurance-km.be\/?cat=6\">Assurance<\/a><\/span>                \t\t\t\t\t\t\t<!-- <span class=\"post-date\">20 mai 2019<\/span> -->\r\n                \t\t\t\t\t\t<\/div>\r\n\r\n                \t\t\t\t\t\t                    \t\t\t\t<\/div>\r\n                    \t\t\t<\/article>\r\n\t\t                    <\/div><!-- \/.cbp-item -->\r\n                    \t                    \t\t<div class=\"cbp-item\">\r\n                    \t\t\t<article id=\"post-892\" \r\n                    \t\t\t\tclass=\"deeper-news-box style-1\">\r\n                    \t\t\t\t<div class=\"thumb\"><img loading=\"lazy\" decoding=\"async\" width=\"370\" height=\"208\" src=\"https:\/\/assurance-km.be\/wp-content\/uploads\/2018\/09\/assurance-au-kilome\u0300tre-corona-direct.jpg\" class=\"attachment-deeper-std6 size-deeper-std6 wp-post-image\" alt=\"assurance auto corona direct\" srcset=\"https:\/\/assurance-km.be\/wp-content\/uploads\/2018\/09\/assurance-au-kilome\u0300tre-corona-direct.jpg 1255w, https:\/\/assurance-km.be\/wp-content\/uploads\/2018\/09\/assurance-au-kilome\u0300tre-corona-direct-300x168.jpg 300w, https:\/\/assurance-km.be\/wp-content\/uploads\/2018\/09\/assurance-au-kilome\u0300tre-corona-direct-768x431.jpg 768w, https:\/\/assurance-km.be\/wp-content\/uploads\/2018\/09\/assurance-au-kilome\u0300tre-corona-direct-1024x574.jpg 1024w, https:\/\/assurance-km.be\/wp-content\/uploads\/2018\/09\/assurance-au-kilome\u0300tre-corona-direct-100x56.jpg 100w, https:\/\/assurance-km.be\/wp-content\/uploads\/2018\/09\/assurance-au-kilome\u0300tre-corona-direct-846x473.jpg 846w, https:\/\/assurance-km.be\/wp-content\/uploads\/2018\/09\/assurance-au-kilome\u0300tre-corona-direct-984x550.jpg 984w\" sizes=\"(max-width: 370px) 100vw, 370px\" \/><\/div>\r\n                    \t\t\t\t<div class=\"texts\">\r\n                    \t\t\t\t\t\r\n                \t\t\t\t\t\t<h2 class=\"title\">\r\n                \t\t\t\t\t\t\t<a href=\"https:\/\/assurance-km.be\/?p=892\">\r\n                \t\t\t\t\t\t\t\tPourquoi choisir une assurance auto Corona Direct?                \t\t\t\t\t\t\t<\/a>\r\n                \t\t\t\t\t\t<\/h2>\r\n\r\n                \t\t\t\t\t\t<div class=\"meta-wrap\">\r\n                \t\t\t\t\t\t\t<span class=\"cat-item\"><a href=\"https:\/\/assurance-km.be\/?cat=7\">Assistance<\/a><\/span><span class=\"sep\"> \/ <\/span><span class=\"cat-item\"><a href=\"https:\/\/assurance-km.be\/?cat=6\">Assurance<\/a><\/span>                \t\t\t\t\t\t\t<!-- <span class=\"post-date\">21 septembre 2018<\/span> -->\r\n                \t\t\t\t\t\t<\/div>\r\n\r\n                \t\t\t\t\t\t                    \t\t\t\t<\/div>\r\n                    \t\t\t<\/article>\r\n\t\t                    <\/div><!-- \/.cbp-item -->\r\n                    \t                    \t\t<div class=\"cbp-item\">\r\n                    \t\t\t<article id=\"post-859\" \r\n                    \t\t\t\tclass=\"deeper-news-box style-1\">\r\n                    \t\t\t\t<div class=\"thumb\"><img loading=\"lazy\" decoding=\"async\" width=\"370\" height=\"247\" src=\"https:\/\/assurance-km.be\/wp-content\/uploads\/2018\/09\/assurance-auto-jeune-conducteur-belgique.jpg\" class=\"attachment-deeper-std6 size-deeper-std6 wp-post-image\" alt=\"assurance auto jeune conducteur\" srcset=\"https:\/\/assurance-km.be\/wp-content\/uploads\/2018\/09\/assurance-auto-jeune-conducteur-belgique.jpg 1280w, https:\/\/assurance-km.be\/wp-content\/uploads\/2018\/09\/assurance-auto-jeune-conducteur-belgique-300x200.jpg 300w, https:\/\/assurance-km.be\/wp-content\/uploads\/2018\/09\/assurance-auto-jeune-conducteur-belgique-768x512.jpg 768w, https:\/\/assurance-km.be\/wp-content\/uploads\/2018\/09\/assurance-auto-jeune-conducteur-belgique-1024x682.jpg 1024w, https:\/\/assurance-km.be\/wp-content\/uploads\/2018\/09\/assurance-auto-jeune-conducteur-belgique-100x67.jpg 100w, https:\/\/assurance-km.be\/wp-content\/uploads\/2018\/09\/assurance-auto-jeune-conducteur-belgique-846x564.jpg 846w, https:\/\/assurance-km.be\/wp-content\/uploads\/2018\/09\/assurance-auto-jeune-conducteur-belgique-984x656.jpg 984w\" sizes=\"(max-width: 370px) 100vw, 370px\" \/><\/div>\r\n                    \t\t\t\t<div class=\"texts\">\r\n                    \t\t\t\t\t\r\n                \t\t\t\t\t\t<h2 class=\"title\">\r\n                \t\t\t\t\t\t\t<a href=\"https:\/\/assurance-km.be\/?p=859\">\r\n                \t\t\t\t\t\t\t\tAssurance auto jeune conducteur en Belgique                \t\t\t\t\t\t\t<\/a>\r\n                \t\t\t\t\t\t<\/h2>\r\n\r\n                \t\t\t\t\t\t<div class=\"meta-wrap\">\r\n                \t\t\t\t\t\t\t<span class=\"cat-item\"><a href=\"https:\/\/assurance-km.be\/?cat=6\">Assurance<\/a><\/span>                \t\t\t\t\t\t\t<!-- <span class=\"post-date\">19 septembre 2018<\/span> -->\r\n                \t\t\t\t\t\t<\/div>\r\n\r\n                \t\t\t\t\t\t                    \t\t\t\t<\/div>\r\n                    \t\t\t<\/article>\r\n\t\t                    <\/div><!-- \/.cbp-item -->\r\n                    \t                    \t\t<div class=\"cbp-item\">\r\n                    \t\t\t<article id=\"post-852\" \r\n                    \t\t\t\tclass=\"deeper-news-box style-1\">\r\n                    \t\t\t\t<div class=\"thumb\"><img loading=\"lazy\" decoding=\"async\" width=\"360\" height=\"270\" src=\"https:\/\/assurance-km.be\/wp-content\/uploads\/2018\/09\/assurance-au-kilome\u0300tre-comment-c\u0327a\u0300-marche-.jpg\" class=\"attachment-deeper-std6 size-deeper-std6 wp-post-image\" alt=\"assurance au kilom\u00e8tre comment \u00e7\u00e0 marche\" srcset=\"https:\/\/assurance-km.be\/wp-content\/uploads\/2018\/09\/assurance-au-kilome\u0300tre-comment-c\u0327a\u0300-marche-.jpg 1280w, https:\/\/assurance-km.be\/wp-content\/uploads\/2018\/09\/assurance-au-kilome\u0300tre-comment-c\u0327a\u0300-marche--300x225.jpg 300w, https:\/\/assurance-km.be\/wp-content\/uploads\/2018\/09\/assurance-au-kilome\u0300tre-comment-c\u0327a\u0300-marche--768x576.jpg 768w, https:\/\/assurance-km.be\/wp-content\/uploads\/2018\/09\/assurance-au-kilome\u0300tre-comment-c\u0327a\u0300-marche--1024x768.jpg 1024w, https:\/\/assurance-km.be\/wp-content\/uploads\/2018\/09\/assurance-au-kilome\u0300tre-comment-c\u0327a\u0300-marche--100x75.jpg 100w, https:\/\/assurance-km.be\/wp-content\/uploads\/2018\/09\/assurance-au-kilome\u0300tre-comment-c\u0327a\u0300-marche--846x635.jpg 846w, https:\/\/assurance-km.be\/wp-content\/uploads\/2018\/09\/assurance-au-kilome\u0300tre-comment-c\u0327a\u0300-marche--984x738.jpg 984w\" sizes=\"(max-width: 360px) 100vw, 360px\" \/><\/div>\r\n                    \t\t\t\t<div class=\"texts\">\r\n                    \t\t\t\t\t\r\n                \t\t\t\t\t\t<h2 class=\"title\">\r\n                \t\t\t\t\t\t\t<a href=\"https:\/\/assurance-km.be\/?p=852\">\r\n                \t\t\t\t\t\t\t\tAssurance au kilom\u00e8tre : comment \u00e7\u00e0 marche?                \t\t\t\t\t\t\t<\/a>\r\n                \t\t\t\t\t\t<\/h2>\r\n\r\n                \t\t\t\t\t\t<div class=\"meta-wrap\">\r\n                \t\t\t\t\t\t\t<span class=\"cat-item\"><a href=\"https:\/\/assurance-km.be\/?cat=6\">Assurance<\/a><\/span>                \t\t\t\t\t\t\t<!-- <span class=\"post-date\">18 septembre 2018<\/span> -->\r\n                \t\t\t\t\t\t<\/div>\r\n\r\n                \t\t\t\t\t\t                    \t\t\t\t<\/div>\r\n                    \t\t\t<\/article>\r\n\t\t                    <\/div><!-- \/.cbp-item -->\r\n                    \t                    \t\t<div class=\"cbp-item\">\r\n                    \t\t\t<article id=\"post-806\" \r\n                    \t\t\t\tclass=\"deeper-news-box style-1\">\r\n                    \t\t\t\t<div class=\"thumb\"><img loading=\"lazy\" decoding=\"async\" width=\"370\" height=\"260\" src=\"https:\/\/assurance-km.be\/wp-content\/uploads\/2018\/08\/Les-diffe\u0301rentes-compagnies-dassurance-.jpg\" class=\"attachment-deeper-std6 size-deeper-std6 wp-post-image\" alt=\"\" srcset=\"https:\/\/assurance-km.be\/wp-content\/uploads\/2018\/08\/Les-diffe\u0301rentes-compagnies-dassurance-.jpg 1280w, https:\/\/assurance-km.be\/wp-content\/uploads\/2018\/08\/Les-diffe\u0301rentes-compagnies-dassurance--300x211.jpg 300w, https:\/\/assurance-km.be\/wp-content\/uploads\/2018\/08\/Les-diffe\u0301rentes-compagnies-dassurance--768x540.jpg 768w, https:\/\/assurance-km.be\/wp-content\/uploads\/2018\/08\/Les-diffe\u0301rentes-compagnies-dassurance--1024x720.jpg 1024w, https:\/\/assurance-km.be\/wp-content\/uploads\/2018\/08\/Les-diffe\u0301rentes-compagnies-dassurance--100x70.jpg 100w, https:\/\/assurance-km.be\/wp-content\/uploads\/2018\/08\/Les-diffe\u0301rentes-compagnies-dassurance--846x595.jpg 846w, https:\/\/assurance-km.be\/wp-content\/uploads\/2018\/08\/Les-diffe\u0301rentes-compagnies-dassurance--984x692.jpg 984w\" sizes=\"(max-width: 370px) 100vw, 370px\" \/><\/div>\r\n                    \t\t\t\t<div class=\"texts\">\r\n                    \t\t\t\t\t\r\n                \t\t\t\t\t\t<h2 class=\"title\">\r\n                \t\t\t\t\t\t\t<a href=\"https:\/\/assurance-km.be\/?p=806\">\r\n                \t\t\t\t\t\t\t\tLes diff\u00e9rentes compagnies d&rsquo;assurance en Belgique?                \t\t\t\t\t\t\t<\/a>\r\n                \t\t\t\t\t\t<\/h2>\r\n\r\n                \t\t\t\t\t\t<div class=\"meta-wrap\">\r\n                \t\t\t\t\t\t\t<span class=\"cat-item\"><a href=\"https:\/\/assurance-km.be\/?cat=6\">Assurance<\/a><\/span>                \t\t\t\t\t\t\t<!-- <span class=\"post-date\">24 ao\u00fbt 2018<\/span> -->\r\n                \t\t\t\t\t\t<\/div>\r\n\r\n                \t\t\t\t\t\t                    \t\t\t\t<\/div>\r\n                    \t\t\t<\/article>\r\n\t\t                    <\/div><!-- \/.cbp-item -->\r\n                    \t                    \t\t<div class=\"cbp-item\">\r\n                    \t\t\t<article id=\"post-789\" \r\n                    \t\t\t\tclass=\"deeper-news-box style-1\">\r\n                    \t\t\t\t<div class=\"thumb\"><img loading=\"lazy\" decoding=\"async\" width=\"370\" height=\"241\" src=\"https:\/\/assurance-km.be\/wp-content\/uploads\/2018\/07\/de\u0301lit-de-fuite.jpg\" class=\"attachment-deeper-std6 size-deeper-std6 wp-post-image\" alt=\"de\u0301lit de fuite\" srcset=\"https:\/\/assurance-km.be\/wp-content\/uploads\/2018\/07\/de\u0301lit-de-fuite.jpg 1280w, https:\/\/assurance-km.be\/wp-content\/uploads\/2018\/07\/de\u0301lit-de-fuite-300x195.jpg 300w, https:\/\/assurance-km.be\/wp-content\/uploads\/2018\/07\/de\u0301lit-de-fuite-768x500.jpg 768w, https:\/\/assurance-km.be\/wp-content\/uploads\/2018\/07\/de\u0301lit-de-fuite-1024x666.jpg 1024w, https:\/\/assurance-km.be\/wp-content\/uploads\/2018\/07\/de\u0301lit-de-fuite-100x65.jpg 100w, https:\/\/assurance-km.be\/wp-content\/uploads\/2018\/07\/de\u0301lit-de-fuite-846x551.jpg 846w, https:\/\/assurance-km.be\/wp-content\/uploads\/2018\/07\/de\u0301lit-de-fuite-984x640.jpg 984w\" sizes=\"(max-width: 370px) 100vw, 370px\" \/><\/div>\r\n                    \t\t\t\t<div class=\"texts\">\r\n                    \t\t\t\t\t\r\n                \t\t\t\t\t\t<h2 class=\"title\">\r\n                \t\t\t\t\t\t\t<a href=\"https:\/\/assurance-km.be\/?p=789\">\r\n                \t\t\t\t\t\t\t\tQue faire en cas de d\u00e9lit de fuite ?                \t\t\t\t\t\t\t<\/a>\r\n                \t\t\t\t\t\t<\/h2>\r\n\r\n                \t\t\t\t\t\t<div class=\"meta-wrap\">\r\n                \t\t\t\t\t\t\t<span class=\"cat-item\"><a href=\"https:\/\/assurance-km.be\/?cat=4\">Accident<\/a><\/span><span class=\"sep\"> \/ <\/span><span class=\"cat-item\"><a href=\"https:\/\/assurance-km.be\/?cat=6\">Assurance<\/a><\/span>                \t\t\t\t\t\t\t<!-- <span class=\"post-date\">23 juillet 2018<\/span> -->\r\n                \t\t\t\t\t\t<\/div>\r\n\r\n                \t\t\t\t\t\t                    \t\t\t\t<\/div>\r\n                    \t\t\t<\/article>\r\n\t\t                    <\/div><!-- \/.cbp-item -->\r\n                    \t                    \t\t<div class=\"cbp-item\">\r\n                    \t\t\t<article id=\"post-764\" \r\n                    \t\t\t\tclass=\"deeper-news-box style-1\">\r\n                    \t\t\t\t<div class=\"thumb\"><img loading=\"lazy\" decoding=\"async\" width=\"370\" height=\"214\" src=\"https:\/\/assurance-km.be\/wp-content\/uploads\/2018\/03\/assurance-auto.png\" class=\"attachment-deeper-std6 size-deeper-std6 wp-post-image\" alt=\"\" srcset=\"https:\/\/assurance-km.be\/wp-content\/uploads\/2018\/03\/assurance-auto.png 1280w, https:\/\/assurance-km.be\/wp-content\/uploads\/2018\/03\/assurance-auto-300x174.png 300w, https:\/\/assurance-km.be\/wp-content\/uploads\/2018\/03\/assurance-auto-768x445.png 768w, https:\/\/assurance-km.be\/wp-content\/uploads\/2018\/03\/assurance-auto-1024x594.png 1024w, https:\/\/assurance-km.be\/wp-content\/uploads\/2018\/03\/assurance-auto-100x58.png 100w, https:\/\/assurance-km.be\/wp-content\/uploads\/2018\/03\/assurance-auto-846x490.png 846w, https:\/\/assurance-km.be\/wp-content\/uploads\/2018\/03\/assurance-auto-984x570.png 984w\" sizes=\"(max-width: 370px) 100vw, 370px\" \/><\/div>\r\n                    \t\t\t\t<div class=\"texts\">\r\n                    \t\t\t\t\t\r\n                \t\t\t\t\t\t<h2 class=\"title\">\r\n                \t\t\t\t\t\t\t<a href=\"https:\/\/assurance-km.be\/?p=764\">\r\n                \t\t\t\t\t\t\t\tUne assurance RC ? explications                \t\t\t\t\t\t\t<\/a>\r\n                \t\t\t\t\t\t<\/h2>\r\n\r\n                \t\t\t\t\t\t<div class=\"meta-wrap\">\r\n                \t\t\t\t\t\t\t<span class=\"cat-item\"><a href=\"https:\/\/assurance-km.be\/?cat=4\">Accident<\/a><\/span><span class=\"sep\"> \/ <\/span><span class=\"cat-item\"><a href=\"https:\/\/assurance-km.be\/?cat=6\">Assurance<\/a><\/span>                \t\t\t\t\t\t\t<!-- <span class=\"post-date\">19 mars 2018<\/span> -->\r\n                \t\t\t\t\t\t<\/div>\r\n\r\n                \t\t\t\t\t\t                    \t\t\t\t<\/div>\r\n                    \t\t\t<\/article>\r\n\t\t                    <\/div><!-- \/.cbp-item -->\r\n                    \t                    \t\t<div class=\"cbp-item\">\r\n                    \t\t\t<article id=\"post-739\" \r\n                    \t\t\t\tclass=\"deeper-news-box style-1\">\r\n                    \t\t\t\t<div class=\"thumb\"><img loading=\"lazy\" decoding=\"async\" width=\"370\" height=\"247\" src=\"https:\/\/assurance-km.be\/wp-content\/uploads\/2018\/02\/assistance-auto-en-belgique.jpg\" class=\"attachment-deeper-std6 size-deeper-std6 wp-post-image\" alt=\"\" srcset=\"https:\/\/assurance-km.be\/wp-content\/uploads\/2018\/02\/assistance-auto-en-belgique.jpg 1000w, https:\/\/assurance-km.be\/wp-content\/uploads\/2018\/02\/assistance-auto-en-belgique-300x200.jpg 300w, https:\/\/assurance-km.be\/wp-content\/uploads\/2018\/02\/assistance-auto-en-belgique-768x512.jpg 768w, https:\/\/assurance-km.be\/wp-content\/uploads\/2018\/02\/assistance-auto-en-belgique-100x67.jpg 100w, https:\/\/assurance-km.be\/wp-content\/uploads\/2018\/02\/assistance-auto-en-belgique-846x564.jpg 846w, https:\/\/assurance-km.be\/wp-content\/uploads\/2018\/02\/assistance-auto-en-belgique-984x656.jpg 984w\" sizes=\"(max-width: 370px) 100vw, 370px\" \/><\/div>\r\n                    \t\t\t\t<div class=\"texts\">\r\n                    \t\t\t\t\t\r\n                \t\t\t\t\t\t<h2 class=\"title\">\r\n                \t\t\t\t\t\t\t<a href=\"https:\/\/assurance-km.be\/?p=739\">\r\n                \t\t\t\t\t\t\t\tUne assistance auto en Belgique, pourquoi?.                \t\t\t\t\t\t\t<\/a>\r\n                \t\t\t\t\t\t<\/h2>\r\n\r\n                \t\t\t\t\t\t<div class=\"meta-wrap\">\r\n                \t\t\t\t\t\t\t<span class=\"cat-item\"><a href=\"https:\/\/assurance-km.be\/?cat=7\">Assistance<\/a><\/span>                \t\t\t\t\t\t\t<!-- <span class=\"post-date\">1 f\u00e9vrier 2018<\/span> -->\r\n                \t\t\t\t\t\t<\/div>\r\n\r\n                \t\t\t\t\t\t                    \t\t\t\t<\/div>\r\n                    \t\t\t<\/article>\r\n\t\t                    <\/div><!-- \/.cbp-item -->\r\n                    \t                    \t\t<div class=\"cbp-item\">\r\n                    \t\t\t<article id=\"post-734\" \r\n                    \t\t\t\tclass=\"deeper-news-box style-1\">\r\n                    \t\t\t\t<div class=\"thumb\"><img loading=\"lazy\" decoding=\"async\" width=\"370\" height=\"238\" src=\"https:\/\/assurance-km.be\/wp-content\/uploads\/2018\/02\/obligation-de-lassureur.jpg\" class=\"attachment-deeper-std6 size-deeper-std6 wp-post-image\" alt=\"\" srcset=\"https:\/\/assurance-km.be\/wp-content\/uploads\/2018\/02\/obligation-de-lassureur.jpg 637w, https:\/\/assurance-km.be\/wp-content\/uploads\/2018\/02\/obligation-de-lassureur-300x193.jpg 300w, https:\/\/assurance-km.be\/wp-content\/uploads\/2018\/02\/obligation-de-lassureur-100x64.jpg 100w\" sizes=\"(max-width: 370px) 100vw, 370px\" \/><\/div>\r\n                    \t\t\t\t<div class=\"texts\">\r\n                    \t\t\t\t\t\r\n                \t\t\t\t\t\t<h2 class=\"title\">\r\n                \t\t\t\t\t\t\t<a href=\"https:\/\/assurance-km.be\/?p=734\">\r\n                \t\t\t\t\t\t\t\tLes obligations de la compagnie d&rsquo;assurance?.                \t\t\t\t\t\t\t<\/a>\r\n                \t\t\t\t\t\t<\/h2>\r\n\r\n                \t\t\t\t\t\t<div class=\"meta-wrap\">\r\n                \t\t\t\t\t\t\t<span class=\"cat-item\"><a href=\"https:\/\/assurance-km.be\/?cat=6\">Assurance<\/a><\/span>                \t\t\t\t\t\t\t<!-- <span class=\"post-date\"><\/span> -->\r\n                \t\t\t\t\t\t<\/div>\r\n\r\n                \t\t\t\t\t\t                    \t\t\t\t<\/div>\r\n                    \t\t\t<\/article>\r\n\t\t                    <\/div><!-- \/.cbp-item -->\r\n                    \t                    \t\t<div class=\"cbp-item\">\r\n                    \t\t\t<article id=\"post-730\" \r\n                    \t\t\t\tclass=\"deeper-news-box style-1\">\r\n                    \t\t\t\t<div class=\"thumb\"><img loading=\"lazy\" decoding=\"async\" width=\"370\" height=\"246\" src=\"https:\/\/assurance-km.be\/wp-content\/uploads\/2018\/01\/changement-dassurance-auto.jpg\" class=\"attachment-deeper-std6 size-deeper-std6 wp-post-image\" alt=\"\" srcset=\"https:\/\/assurance-km.be\/wp-content\/uploads\/2018\/01\/changement-dassurance-auto.jpg 849w, https:\/\/assurance-km.be\/wp-content\/uploads\/2018\/01\/changement-dassurance-auto-300x200.jpg 300w, https:\/\/assurance-km.be\/wp-content\/uploads\/2018\/01\/changement-dassurance-auto-768x511.jpg 768w, https:\/\/assurance-km.be\/wp-content\/uploads\/2018\/01\/changement-dassurance-auto-100x67.jpg 100w, https:\/\/assurance-km.be\/wp-content\/uploads\/2018\/01\/changement-dassurance-auto-846x563.jpg 846w\" sizes=\"(max-width: 370px) 100vw, 370px\" \/><\/div>\r\n                    \t\t\t\t<div class=\"texts\">\r\n                    \t\t\t\t\t\r\n                \t\t\t\t\t\t<h2 class=\"title\">\r\n                \t\t\t\t\t\t\t<a href=\"https:\/\/assurance-km.be\/?p=730\">\r\n                \t\t\t\t\t\t\t\tChanger d&rsquo;assurance &#8211; comment faire?                \t\t\t\t\t\t\t<\/a>\r\n                \t\t\t\t\t\t<\/h2>\r\n\r\n                \t\t\t\t\t\t<div class=\"meta-wrap\">\r\n                \t\t\t\t\t\t\t<span class=\"cat-item\"><a href=\"https:\/\/assurance-km.be\/?cat=6\">Assurance<\/a><\/span>                \t\t\t\t\t\t\t<!-- <span class=\"post-date\">30 janvier 2018<\/span> -->\r\n                \t\t\t\t\t\t<\/div>\r\n\r\n                \t\t\t\t\t\t                    \t\t\t\t<\/div>\r\n                    \t\t\t<\/article>\r\n\t\t                    <\/div><!-- \/.cbp-item -->\r\n                    \t                    \t\t<div class=\"cbp-item\">\r\n                    \t\t\t<article id=\"post-717\" \r\n                    \t\t\t\tclass=\"deeper-news-box style-1\">\r\n                    \t\t\t\t<div class=\"thumb\"><img loading=\"lazy\" decoding=\"async\" width=\"370\" height=\"160\" src=\"https:\/\/assurance-km.be\/wp-content\/uploads\/2018\/01\/transfert-plaque-dimmatriculation.jpg\" class=\"attachment-deeper-std6 size-deeper-std6 wp-post-image\" alt=\"\" srcset=\"https:\/\/assurance-km.be\/wp-content\/uploads\/2018\/01\/transfert-plaque-dimmatriculation.jpg 693w, https:\/\/assurance-km.be\/wp-content\/uploads\/2018\/01\/transfert-plaque-dimmatriculation-300x129.jpg 300w, https:\/\/assurance-km.be\/wp-content\/uploads\/2018\/01\/transfert-plaque-dimmatriculation-100x43.jpg 100w\" sizes=\"(max-width: 370px) 100vw, 370px\" \/><\/div>\r\n                    \t\t\t\t<div class=\"texts\">\r\n                    \t\t\t\t\t\r\n                \t\t\t\t\t\t<h2 class=\"title\">\r\n                \t\t\t\t\t\t\t<a href=\"https:\/\/assurance-km.be\/?p=717\">\r\n                \t\t\t\t\t\t\t\tTransfert de plaques d\u2019immatriculation en Belgique?.                \t\t\t\t\t\t\t<\/a>\r\n                \t\t\t\t\t\t<\/h2>\r\n\r\n                \t\t\t\t\t\t<div class=\"meta-wrap\">\r\n                \t\t\t\t\t\t\t<span class=\"cat-item\"><a href=\"https:\/\/assurance-km.be\/?cat=5\">Immatriculation<\/a><\/span>                \t\t\t\t\t\t\t<!-- <span class=\"post-date\"><\/span> -->\r\n                \t\t\t\t\t\t<\/div>\r\n\r\n                \t\t\t\t\t\t                    \t\t\t\t<\/div>\r\n                    \t\t\t<\/article>\r\n\t\t                    <\/div><!-- \/.cbp-item -->\r\n                    \t                    \t\t<div class=\"cbp-item\">\r\n                    \t\t\t<article id=\"post-708\" \r\n                    \t\t\t\tclass=\"deeper-news-box style-1\">\r\n                    \t\t\t\t<div class=\"thumb\"><img loading=\"lazy\" decoding=\"async\" width=\"370\" height=\"247\" src=\"https:\/\/assurance-km.be\/wp-content\/uploads\/2018\/01\/assurance-jeunes-conducteurs.jpg\" class=\"attachment-deeper-std6 size-deeper-std6 wp-post-image\" alt=\"assurance jeunes conducteurs\" srcset=\"https:\/\/assurance-km.be\/wp-content\/uploads\/2018\/01\/assurance-jeunes-conducteurs.jpg 1348w, https:\/\/assurance-km.be\/wp-content\/uploads\/2018\/01\/assurance-jeunes-conducteurs-300x200.jpg 300w, https:\/\/assurance-km.be\/wp-content\/uploads\/2018\/01\/assurance-jeunes-conducteurs-768x512.jpg 768w, https:\/\/assurance-km.be\/wp-content\/uploads\/2018\/01\/assurance-jeunes-conducteurs-1024x683.jpg 1024w, https:\/\/assurance-km.be\/wp-content\/uploads\/2018\/01\/assurance-jeunes-conducteurs-100x67.jpg 100w, https:\/\/assurance-km.be\/wp-content\/uploads\/2018\/01\/assurance-jeunes-conducteurs-846x564.jpg 846w, https:\/\/assurance-km.be\/wp-content\/uploads\/2018\/01\/assurance-jeunes-conducteurs-984x656.jpg 984w\" sizes=\"(max-width: 370px) 100vw, 370px\" \/><\/div>\r\n                    \t\t\t\t<div class=\"texts\">\r\n                    \t\t\t\t\t\r\n                \t\t\t\t\t\t<h2 class=\"title\">\r\n                \t\t\t\t\t\t\t<a href=\"https:\/\/assurance-km.be\/?p=708\">\r\n                \t\t\t\t\t\t\t\tAssurance auto moins ch\u00e8re pour jeunes conducteurs? (astuces)                \t\t\t\t\t\t\t<\/a>\r\n                \t\t\t\t\t\t<\/h2>\r\n\r\n                \t\t\t\t\t\t<div class=\"meta-wrap\">\r\n                \t\t\t\t\t\t\t<span class=\"cat-item\"><a href=\"https:\/\/assurance-km.be\/?cat=6\">Assurance<\/a><\/span>                \t\t\t\t\t\t\t<!-- <span class=\"post-date\"><\/span> -->\r\n                \t\t\t\t\t\t<\/div>\r\n\r\n                \t\t\t\t\t\t                    \t\t\t\t<\/div>\r\n                    \t\t\t<\/article>\r\n\t\t                    <\/div><!-- \/.cbp-item -->\r\n                    \t\t\t\t        <\/div><!-- \/#galleries -->\r\n\t\t\t\t<\/div><!-- \/.deeper-cubeportfolio -->\r\n\t\t\t\t\r\n\t\t\t\t<div class=\"project-nav\"><div class=\"octavian-pagination clearfix\"><ul class='page-numbers'>\n\t<li><span aria-current=\"page\" class=\"page-numbers current\">1<\/span><\/li>\n\t<li><a class=\"page-numbers\" href=\"https:\/\/assurance-km.be\/index.php?rest_route=%2Fwp%2Fv2%2Fpages%2F2799&#038;paged=2\">2<\/a><\/li>\n\t<li><a class=\"next page-numbers\" href=\"https:\/\/assurance-km.be\/index.php?rest_route=%2Fwp%2Fv2%2Fpages%2F2799&#038;paged=2\"><i class=\"elegant-arrow_carrot-right\"><\/i><\/a><\/li>\n<\/ul>\n<\/div><\/div>\t\t\t[\/vc_column][\/vc_row]<\/p>\n","protected":false},"excerpt":{"rendered":"<p>[vc_row][vc_column][\/vc_column][\/vc_row]<\/p>\n","protected":false},"author":1,"featured_media":0,"parent":0,"menu_order":0,"comment_status":"closed","ping_status":"closed","template":"","meta":{"footnotes":""},"class_list":["post-2799","page","type-page","status-publish","hentry"],"aioseo_notices":[],"_links":{"self":[{"href":"https:\/\/assurance-km.be\/index.php?rest_route=\/wp\/v2\/pages\/2799"}],"collection":[{"href":"https:\/\/assurance-km.be\/index.php?rest_route=\/wp\/v2\/pages"}],"about":[{"href":"https:\/\/assurance-km.be\/index.php?rest_route=\/wp\/v2\/types\/page"}],"author":[{"embeddable":true,"href":"https:\/\/assurance-km.be\/index.php?rest_route=\/wp\/v2\/users\/1"}],"replies":[{"embeddable":true,"href":"https:\/\/assurance-km.be\/index.php?rest_route=%2Fwp%2Fv2%2Fcomments&post=2799"}],"version-history":[{"count":3,"href":"https:\/\/assurance-km.be\/index.php?rest_route=\/wp\/v2\/pages\/2799\/revisions"}],"predecessor-version":[{"id":3058,"href":"https:\/\/assurance-km.be\/index.php?rest_route=\/wp\/v2\/pages\/2799\/revisions\/3058"}],"wp:attachment":[{"href":"https:\/\/assurance-km.be\/index.php?rest_route=%2Fwp%2Fv2%2Fmedia&parent=2799"}],"curies":[{"name":"wp","href":"https:\/\/api.w.org\/{rel}","templated":true}]}}